{"id":12923,"date":"2023-06-29T11:41:36","date_gmt":"2023-06-29T09:41:36","guid":{"rendered":"https:\/\/forfoodies.se\/?page_id=12923"},"modified":"2026-04-14T10:52:53","modified_gmt":"2026-04-14T08:52:53","slug":"umea-smakfestival","status":"publish","type":"page","link":"https:\/\/forfoodies.se\/en\/events\/umea-smakfestival\/","title":{"rendered":"Ume\u00e5 Food Festival"},"content":{"rendered":"<p>[et_pb_section fb_built=&#8221;1&#8243; admin_label=&#8221;section&#8221; _builder_version=&#8221;4.21.0&#8243; global_colors_info=&#8221;{}&#8221;][et_pb_row admin_label=&#8221;row&#8221; _builder_version=&#8221;4.21.0&#8243; background_size=&#8221;initial&#8221; background_position=&#8221;top_left&#8221; background_repeat=&#8221;repeat&#8221; global_colors_info=&#8221;{}&#8221;][et_pb_column type=&#8221;4_4&#8243; _builder_version=&#8221;4.16&#8243; custom_padding=&#8221;|||&#8221; global_colors_info=&#8221;{}&#8221; custom_padding__hover=&#8221;|||&#8221;][et_pb_text _builder_version=&#8221;4.21.0&#8243; _module_preset=&#8221;default&#8221; hover_enabled=&#8221;0&#8243; global_colors_info=&#8221;{}&#8221; sticky_enabled=&#8221;0&#8243;]<\/p>\n<p><img loading=\"lazy\" decoding=\"async\" class=\"wp-image-12935 alignnone size-medium\" src=\"https:\/\/forfoodies.se\/wp-content\/uploads\/DSC_8572-300x200.jpg\" alt=\"\" width=\"300\" height=\"200\" \/> \u00a0<img loading=\"lazy\" decoding=\"async\" class=\"wp-image-12933 alignnone size-medium\" src=\"https:\/\/forfoodies.se\/wp-content\/uploads\/DSC_8653-300x200.jpg\" alt=\"\" width=\"300\" height=\"200\" \/> \u00a0<img loading=\"lazy\" decoding=\"async\" class=\"wp-image-12934 alignnone size-medium\" src=\"https:\/\/forfoodies.se\/wp-content\/uploads\/DSC_8643_1-300x200.jpg\" alt=\"\" width=\"300\" height=\"200\" \/>\u00a0 <img loading=\"lazy\" decoding=\"async\" class=\"wp-image-12939 alignnone size-medium\" src=\"https:\/\/forfoodies.se\/wp-content\/uploads\/DSC_8494-300x200.jpg\" alt=\"\" width=\"300\" height=\"200\" \/> \u00a0<img loading=\"lazy\" decoding=\"async\" class=\"wp-image-12919 alignnone size-medium\" src=\"https:\/\/forfoodies.se\/wp-content\/uploads\/Unknown-18-1-300x200.jpeg\" alt=\"\" width=\"300\" height=\"200\" \/> \u00a0<img loading=\"lazy\" decoding=\"async\" class=\"wp-image-12893 alignnone size-medium\" src=\"https:\/\/forfoodies.se\/wp-content\/uploads\/DSC_8530-300x200.jpg\" alt=\"\" width=\"300\" height=\"200\" \/><\/p>\n<p>[\/et_pb_text][et_pb_text _builder_version=&#8221;4.27.6&#8243; _module_preset=&#8221;default&#8221; hover_enabled=&#8221;0&#8243; global_colors_info=&#8221;{}&#8221; sticky_enabled=&#8221;0&#8243;]<\/p>\n<p>Ume\u00e5 Smakfestival har vi arrangerat sedan 2014 i Ume\u00e5 centrum. H\u00e4r kan du l\u00e4sa mer om <a href=\"https:\/\/umeasmakfestival.se\/\">Ume\u00e5 Smakfestival<\/a>!<\/p>\n<p>[\/et_pb_text][\/et_pb_column][\/et_pb_row][\/et_pb_section]<\/p>\n","protected":false},"excerpt":{"rendered":"<p>\u00a0 \u00a0\u00a0 \u00a0 \u00a0Ume\u00e5 Smakfestival har vi arrangerat sedan 2014 i Ume\u00e5 centrum. H\u00e4r kan du l\u00e4sa mer om Ume\u00e5 Smakfestival!<\/p>","protected":false},"author":4,"featured_media":12935,"parent":278,"menu_order":0,"comment_status":"closed","ping_status":"closed","template":"","meta":{"_acf_changed":false,"_et_pb_use_builder":"on","_et_pb_old_content":"<img class=\"alignnone size-medium wp-image-12192\" src=\"https:\/\/forfoodies.se\/wp-content\/uploads\/DSC_8452-300x200.jpg\" alt=\"\" width=\"300\" height=\"200\" \/> <img class=\"alignnone size-medium wp-image-12190\" src=\"https:\/\/forfoodies.se\/wp-content\/uploads\/Anna-och-Anna-2022-300x200.jpg\" alt=\"\" width=\"300\" height=\"200\" \/> <img class=\"alignnone size-medium wp-image-12193\" src=\"https:\/\/forfoodies.se\/wp-content\/uploads\/DSC_8467-300x200.jpg\" alt=\"\" width=\"300\" height=\"200\" \/>\r\n\r\n<strong>Smak p\u00e5 Ume\u00e5 med forfoodies.se och Facit bar!<\/strong>\r\n\r\nUnder helgen 25-28 maj skapar vi, forfoodies.se tillsammans med Facit bar, Smak p\u00e5 Ume\u00e5, en minifestival p\u00e5 R\u00e5dhustorget. Smak p\u00e5 Ume\u00e5 erbjuder allt fr\u00e5n dryckesprovningar, samtal om mat och dryck p\u00e5 scenen till en festivalbar med drycker signerade Facit bar och med mat fr\u00e5n samma st\u00e4lle. Bl a sm\u00f6rg\u00e5st\u00e5rta och r\u00e5rakor med olika tillbeh\u00f6r utlovas! Stort t\u00e4lt med sittplatser inne och lika stor yta ute med bord och b\u00e4nkar.\r\n\r\nFacit bar har gjort sig k\u00e4nda b\u00e5de nationellt och internationellt f\u00f6r sin satsning p\u00e5 enbart svenska drycker, b\u00e5de leverant\u00f6rer av dryck och r\u00e5varor till t ex cocktails och drinkar \u00e4r fr\u00e5n Sverige. L\u00e4s g\u00e4rna mer om <a href=\"https:\/\/www.facitbar.se\/\">Facit bar<\/a>.\r\n\r\nTill dryckesprovningarna kan och b\u00f6r man k\u00f6pa biljetter p\u00e5 f\u00f6rhand f\u00f6r att veta s\u00e4kert att f\u00e5 plats, de bokas h\u00e4r p\u00e5 v\u00e5r webbsida: <a href=\"https:\/\/forfoodies.se\/events\/\">forfoodies.se<\/a> och ev kvarvarande biljetter s\u00e4ljs p\u00e5 plats i baren. I anslutning till provningarna kommer ocks\u00e5 dryckesprofilerna att finnas i baren f\u00f6r snack om deras drycker.\r\n\r\n<strong>\u00d6ppettider<\/strong>\r\nTorsdag 25\/5 11-20\r\nFredag 26\/5 11-21\r\nL\u00f6rdag 27\/5 11-21\r\nS\u00f6ndag 28\/5 11-15\r\n\r\nSamtidigt som Smak p\u00e5 Ume\u00e5 arrangeras Gourmand Awards (kokboks-VM) och Ume\u00e5 Food Symposium i stan. P\u00e5 s\u00f6ndagen st\u00e5r Gourmand Awards f\u00f6r programmet p\u00e5 v\u00e5r scen p\u00e5 R\u00e5dhustorget (kl 11-15), d\u00e5 f\u00e5r vi ta del av samtal med kockar, f\u00f6rfattare, sommelierer m fl fr\u00e5n hela v\u00e4rlden som ber\u00e4ttar om sin passion f\u00f6r mat och dryck. Mer info om Ume\u00e5 Food Symposium och Gourmand Awards hittar du h\u00e4r: <a href=\"https:\/\/visitumea.se\/sv\/umea-food-symposium\">Ume\u00e5 Food Symposium<\/a>\r\n\r\nMer detaljerat program f\u00f6r dagarna kommer att publiceras h\u00e4r lite n\u00e4rmare!","_et_gb_content_width":"","footnotes":""},"class_list":["post-12923","page","type-page","status-publish","has-post-thumbnail","hentry"],"acf":[],"yoast_head":"<!-- This site is optimized with the Yoast SEO plugin v27.5 - https:\/\/yoast.com\/product\/yoast-seo-wordpress\/ -->\n<title>Ume\u00e5 Smakfestival - forfoodies.se<\/title>\n<meta name=\"description\" content=\"Smak p\u00e5 Ume\u00e5 arrangeras av forfoodies.se och Facit bar 25-28\/5 p\u00e5 R\u00e5dhustorget i Ume\u00e5 centrum. V\u00e4lkommen till v\u00e5rt fina t\u00e4lt och njut av sp\u00e4nnande drycker och god mat!\" \/>\n<meta name=\"robots\" content=\"index, follow, max-snippet:-1, max-image-preview:large, max-video-preview:-1\" \/>\n<link rel=\"canonical\" href=\"https:\/\/forfoodies.se\/en\/events\/umea-smakfestival\/\" \/>\n<meta property=\"og:locale\" content=\"en_GB\" \/>\n<meta property=\"og:type\" content=\"article\" \/>\n<meta property=\"og:title\" content=\"Ume\u00e5 Smakfestival\" \/>\n<meta property=\"og:description\" content=\"Smak p\u00e5 Ume\u00e5 arrangeras av forfoodies.se och Facit bar 25-28\/5 p\u00e5 R\u00e5dhustorget i Ume\u00e5 centrum. V\u00e4lkommen till v\u00e5rt fina t\u00e4lt och njut av sp\u00e4nnande drycker och god mat!\" \/>\n<meta property=\"og:url\" content=\"https:\/\/forfoodies.se\/en\/events\/umea-smakfestival\/\" \/>\n<meta property=\"og:site_name\" content=\"forfoodies.se\" \/>\n<meta property=\"article:publisher\" content=\"https:\/\/www.facebook.com\/forfoodies.se\/\" \/>\n<meta property=\"article:modified_time\" content=\"2026-04-14T08:52:53+00:00\" \/>\n<meta property=\"og:image\" content=\"https:\/\/forfoodies.se\/wp-content\/uploads\/Anna-och-Anna-2022.jpg\" \/>\n\t<meta property=\"og:image:width\" content=\"1920\" \/>\n\t<meta property=\"og:image:height\" content=\"1281\" \/>\n\t<meta property=\"og:image:type\" content=\"image\/jpeg\" \/>\n<meta name=\"twitter:card\" content=\"summary_large_image\" \/>\n<meta name=\"twitter:label1\" content=\"Estimated reading time\" \/>\n\t<meta name=\"twitter:data1\" content=\"2 minutes\" \/>\n<script type=\"application\/ld+json\" class=\"yoast-schema-graph\">{\"@context\":\"https:\\\/\\\/schema.org\",\"@graph\":[{\"@type\":\"WebPage\",\"@id\":\"https:\\\/\\\/forfoodies.se\\\/events\\\/umea-smakfestival\\\/\",\"url\":\"https:\\\/\\\/forfoodies.se\\\/events\\\/umea-smakfestival\\\/\",\"name\":\"Ume\u00e5 Smakfestival - forfoodies.se\",\"isPartOf\":{\"@id\":\"https:\\\/\\\/forfoodies.se\\\/en\\\/#website\"},\"primaryImageOfPage\":{\"@id\":\"https:\\\/\\\/forfoodies.se\\\/events\\\/umea-smakfestival\\\/#primaryimage\"},\"image\":{\"@id\":\"https:\\\/\\\/forfoodies.se\\\/events\\\/umea-smakfestival\\\/#primaryimage\"},\"thumbnailUrl\":\"https:\\\/\\\/forfoodies.se\\\/wp-content\\\/uploads\\\/DSC_8572.jpg\",\"datePublished\":\"2023-06-29T09:41:36+00:00\",\"dateModified\":\"2026-04-14T08:52:53+00:00\",\"description\":\"Smak p\u00e5 Ume\u00e5 arrangeras av forfoodies.se och Facit bar 25-28\\\/5 p\u00e5 R\u00e5dhustorget i Ume\u00e5 centrum. V\u00e4lkommen till v\u00e5rt fina t\u00e4lt och njut av sp\u00e4nnande drycker och god mat!\",\"breadcrumb\":{\"@id\":\"https:\\\/\\\/forfoodies.se\\\/events\\\/umea-smakfestival\\\/#breadcrumb\"},\"inLanguage\":\"en-GB\",\"potentialAction\":[{\"@type\":\"ReadAction\",\"target\":[\"https:\\\/\\\/forfoodies.se\\\/events\\\/umea-smakfestival\\\/\"]}]},{\"@type\":\"ImageObject\",\"inLanguage\":\"en-GB\",\"@id\":\"https:\\\/\\\/forfoodies.se\\\/events\\\/umea-smakfestival\\\/#primaryimage\",\"url\":\"https:\\\/\\\/forfoodies.se\\\/wp-content\\\/uploads\\\/DSC_8572.jpg\",\"contentUrl\":\"https:\\\/\\\/forfoodies.se\\\/wp-content\\\/uploads\\\/DSC_8572.jpg\",\"width\":1920,\"height\":1281},{\"@type\":\"BreadcrumbList\",\"@id\":\"https:\\\/\\\/forfoodies.se\\\/events\\\/umea-smakfestival\\\/#breadcrumb\",\"itemListElement\":[{\"@type\":\"ListItem\",\"position\":1,\"name\":\"Hem\",\"item\":\"https:\\\/\\\/forfoodies.se\\\/\"},{\"@type\":\"ListItem\",\"position\":2,\"name\":\"V\u00e5ra events\",\"item\":\"https:\\\/\\\/forfoodies.se\\\/events\\\/\"},{\"@type\":\"ListItem\",\"position\":3,\"name\":\"Ume\u00e5 Smakfestival\"}]},{\"@type\":\"WebSite\",\"@id\":\"https:\\\/\\\/forfoodies.se\\\/en\\\/#website\",\"url\":\"https:\\\/\\\/forfoodies.se\\\/en\\\/\",\"name\":\"forfoodies.se\",\"description\":\"\",\"publisher\":{\"@id\":\"https:\\\/\\\/forfoodies.se\\\/en\\\/#organization\"},\"potentialAction\":[{\"@type\":\"SearchAction\",\"target\":{\"@type\":\"EntryPoint\",\"urlTemplate\":\"https:\\\/\\\/forfoodies.se\\\/en\\\/?s={search_term_string}\"},\"query-input\":{\"@type\":\"PropertyValueSpecification\",\"valueRequired\":true,\"valueName\":\"search_term_string\"}}],\"inLanguage\":\"en-GB\"},{\"@type\":\"Organization\",\"@id\":\"https:\\\/\\\/forfoodies.se\\\/en\\\/#organization\",\"name\":\"Forfoodies.se\",\"url\":\"https:\\\/\\\/forfoodies.se\\\/en\\\/\",\"logo\":{\"@type\":\"ImageObject\",\"inLanguage\":\"en-GB\",\"@id\":\"https:\\\/\\\/forfoodies.se\\\/en\\\/#\\\/schema\\\/logo\\\/image\\\/\",\"url\":\"https:\\\/\\\/forfoodies.se\\\/wp-content\\\/uploads\\\/ForFoodies_green.png\",\"contentUrl\":\"https:\\\/\\\/forfoodies.se\\\/wp-content\\\/uploads\\\/ForFoodies_green.png\",\"width\":114,\"height\":108,\"caption\":\"Forfoodies.se\"},\"image\":{\"@id\":\"https:\\\/\\\/forfoodies.se\\\/en\\\/#\\\/schema\\\/logo\\\/image\\\/\"},\"sameAs\":[\"https:\\\/\\\/www.facebook.com\\\/forfoodies.se\\\/\",\"https:\\\/\\\/www.instagram.com\\\/forfoodies.se\\\/\"]}]}<\/script>\n<!-- \/ Yoast SEO plugin. -->","yoast_head_json":{"title":"Ume\u00e5 Smakfestival - forfoodies.se","description":"Smak p\u00e5 Ume\u00e5 arrangeras av forfoodies.se och Facit bar 25-28\/5 p\u00e5 R\u00e5dhustorget i Ume\u00e5 centrum. V\u00e4lkommen till v\u00e5rt fina t\u00e4lt och njut av sp\u00e4nnande drycker och god mat!","robots":{"index":"index","follow":"follow","max-snippet":"max-snippet:-1","max-image-preview":"max-image-preview:large","max-video-preview":"max-video-preview:-1"},"canonical":"https:\/\/forfoodies.se\/en\/events\/umea-smakfestival\/","og_locale":"en_GB","og_type":"article","og_title":"Ume\u00e5 Smakfestival","og_description":"Smak p\u00e5 Ume\u00e5 arrangeras av forfoodies.se och Facit bar 25-28\/5 p\u00e5 R\u00e5dhustorget i Ume\u00e5 centrum. V\u00e4lkommen till v\u00e5rt fina t\u00e4lt och njut av sp\u00e4nnande drycker och god mat!","og_url":"https:\/\/forfoodies.se\/en\/events\/umea-smakfestival\/","og_site_name":"forfoodies.se","article_publisher":"https:\/\/www.facebook.com\/forfoodies.se\/","article_modified_time":"2026-04-14T08:52:53+00:00","og_image":[{"width":1920,"height":1281,"url":"https:\/\/forfoodies.se\/wp-content\/uploads\/Anna-och-Anna-2022.jpg","type":"image\/jpeg"}],"twitter_card":"summary_large_image","twitter_misc":{"Estimated reading time":"2 minutes"},"schema":{"@context":"https:\/\/schema.org","@graph":[{"@type":"WebPage","@id":"https:\/\/forfoodies.se\/events\/umea-smakfestival\/","url":"https:\/\/forfoodies.se\/events\/umea-smakfestival\/","name":"Ume\u00e5 Smakfestival - forfoodies.se","isPartOf":{"@id":"https:\/\/forfoodies.se\/en\/#website"},"primaryImageOfPage":{"@id":"https:\/\/forfoodies.se\/events\/umea-smakfestival\/#primaryimage"},"image":{"@id":"https:\/\/forfoodies.se\/events\/umea-smakfestival\/#primaryimage"},"thumbnailUrl":"https:\/\/forfoodies.se\/wp-content\/uploads\/DSC_8572.jpg","datePublished":"2023-06-29T09:41:36+00:00","dateModified":"2026-04-14T08:52:53+00:00","description":"Smak p\u00e5 Ume\u00e5 arrangeras av forfoodies.se och Facit bar 25-28\/5 p\u00e5 R\u00e5dhustorget i Ume\u00e5 centrum. V\u00e4lkommen till v\u00e5rt fina t\u00e4lt och njut av sp\u00e4nnande drycker och god mat!","breadcrumb":{"@id":"https:\/\/forfoodies.se\/events\/umea-smakfestival\/#breadcrumb"},"inLanguage":"en-GB","potentialAction":[{"@type":"ReadAction","target":["https:\/\/forfoodies.se\/events\/umea-smakfestival\/"]}]},{"@type":"ImageObject","inLanguage":"en-GB","@id":"https:\/\/forfoodies.se\/events\/umea-smakfestival\/#primaryimage","url":"https:\/\/forfoodies.se\/wp-content\/uploads\/DSC_8572.jpg","contentUrl":"https:\/\/forfoodies.se\/wp-content\/uploads\/DSC_8572.jpg","width":1920,"height":1281},{"@type":"BreadcrumbList","@id":"https:\/\/forfoodies.se\/events\/umea-smakfestival\/#breadcrumb","itemListElement":[{"@type":"ListItem","position":1,"name":"Hem","item":"https:\/\/forfoodies.se\/"},{"@type":"ListItem","position":2,"name":"V\u00e5ra events","item":"https:\/\/forfoodies.se\/events\/"},{"@type":"ListItem","position":3,"name":"Ume\u00e5 Smakfestival"}]},{"@type":"WebSite","@id":"https:\/\/forfoodies.se\/en\/#website","url":"https:\/\/forfoodies.se\/en\/","name":"forfoodies.se","description":"","publisher":{"@id":"https:\/\/forfoodies.se\/en\/#organization"},"potentialAction":[{"@type":"SearchAction","target":{"@type":"EntryPoint","urlTemplate":"https:\/\/forfoodies.se\/en\/?s={search_term_string}"},"query-input":{"@type":"PropertyValueSpecification","valueRequired":true,"valueName":"search_term_string"}}],"inLanguage":"en-GB"},{"@type":"Organization","@id":"https:\/\/forfoodies.se\/en\/#organization","name":"Forfoodies.se","url":"https:\/\/forfoodies.se\/en\/","logo":{"@type":"ImageObject","inLanguage":"en-GB","@id":"https:\/\/forfoodies.se\/en\/#\/schema\/logo\/image\/","url":"https:\/\/forfoodies.se\/wp-content\/uploads\/ForFoodies_green.png","contentUrl":"https:\/\/forfoodies.se\/wp-content\/uploads\/ForFoodies_green.png","width":114,"height":108,"caption":"Forfoodies.se"},"image":{"@id":"https:\/\/forfoodies.se\/en\/#\/schema\/logo\/image\/"},"sameAs":["https:\/\/www.facebook.com\/forfoodies.se\/","https:\/\/www.instagram.com\/forfoodies.se\/"]}]}},"_links":{"self":[{"href":"https:\/\/forfoodies.se\/en\/wp-json\/wp\/v2\/pages\/12923","targetHints":{"allow":["GET"]}}],"collection":[{"href":"https:\/\/forfoodies.se\/en\/wp-json\/wp\/v2\/pages"}],"about":[{"href":"https:\/\/forfoodies.se\/en\/wp-json\/wp\/v2\/types\/page"}],"author":[{"embeddable":true,"href":"https:\/\/forfoodies.se\/en\/wp-json\/wp\/v2\/users\/4"}],"replies":[{"embeddable":true,"href":"https:\/\/forfoodies.se\/en\/wp-json\/wp\/v2\/comments?post=12923"}],"version-history":[{"count":13,"href":"https:\/\/forfoodies.se\/en\/wp-json\/wp\/v2\/pages\/12923\/revisions"}],"predecessor-version":[{"id":30291,"href":"https:\/\/forfoodies.se\/en\/wp-json\/wp\/v2\/pages\/12923\/revisions\/30291"}],"up":[{"embeddable":true,"href":"https:\/\/forfoodies.se\/en\/wp-json\/wp\/v2\/pages\/278"}],"wp:featuredmedia":[{"embeddable":true,"href":"https:\/\/forfoodies.se\/en\/wp-json\/wp\/v2\/media\/12935"}],"wp:attachment":[{"href":"https:\/\/forfoodies.se\/en\/wp-json\/wp\/v2\/media?parent=12923"}],"curies":[{"name":"wp","href":"https:\/\/api.w.org\/{rel}","templated":true}]}}