{"id":1268,"date":"2020-09-25T12:41:35","date_gmt":"2020-09-25T10:41:35","guid":{"rendered":"https:\/\/forfoodies.se\/?page_id=1268"},"modified":"2025-11-26T11:30:48","modified_gmt":"2025-11-26T10:30:48","slug":"om-oss","status":"publish","type":"page","link":"https:\/\/forfoodies.se\/en\/om-oss\/","title":{"rendered":"About us"},"content":{"rendered":"<p>[et_pb_section fb_built=&#8221;1&#8243; _builder_version=&#8221;4.16&#8243; _module_preset=&#8221;default&#8221; global_colors_info=&#8221;{}&#8221;][et_pb_row _builder_version=&#8221;4.16&#8243; _module_preset=&#8221;default&#8221; hover_enabled=&#8221;0&#8243; global_colors_info=&#8221;{}&#8221; sticky_enabled=&#8221;0&#8243;][et_pb_column type=&#8221;4_4&#8243; _builder_version=&#8221;4.16&#8243; _module_preset=&#8221;default&#8221; global_colors_info=&#8221;{}&#8221;][et_pb_text admin_label=&#8221;Rubrik&#8221; _builder_version=&#8221;4.16&#8243; _dynamic_attributes=&#8221;content&#8221; _module_preset=&#8221;default&#8221; text_font=&#8221;|700|||||||&#8221; text_text_color=&#8221;#222222&#8243; text_font_size=&#8221;28px&#8221; global_colors_info=&#8221;{}&#8221;]@ET-DC@eyJkeW5hbWljIjp0cnVlLCJjb250ZW50IjoicG9zdF90aXRsZSIsInNldHRpbmdzIjp7ImJlZm9yZSI6IiIsImFmdGVyIjoiIn19@[\/et_pb_text][et_pb_image src=&#8221;https:\/\/forfoodies.se\/wp-content\/uploads\/Unknown-14-1.jpeg&#8221; title_text=&#8221;Unknown-14&#8243; _builder_version=&#8221;4.16&#8243; _module_preset=&#8221;default&#8221; global_colors_info=&#8221;{}&#8221;][\/et_pb_image][et_pb_text _builder_version=&#8221;4.27.4&#8243; _module_preset=&#8221;default&#8221; hover_enabled=&#8221;0&#8243; global_colors_info=&#8221;{}&#8221; sticky_enabled=&#8221;0&#8243;]<\/p>\n<p><strong>forfoodies.se \u00e4r ett eventf\u00f6retag som skapar upplevelser och aktiviteter med mat och dryck i fokus<\/strong><\/p>\n<p>Vi som st\u00e5r bakom forfoodies.se har v\u00e5r bakgrund inom event, reklam och marknadsf\u00f6ring och p\u00e5 senare \u00e5r mer och mer fokus p\u00e5 smakupplevelser &#8211; som ofta \u00e4r en viktig del i alla m\u00f6ten och evenemang.<\/p>\n<p><a href=\"https:\/\/umeasmakfestival.se\/\"><strong>Ume\u00e5 Smakfestival<\/strong><\/a> har vi b\u00e5de skapat sj\u00e4lva och \u00e4r arrang\u00f6rer f\u00f6r sedan 2014. Vi \u00e4r ocks\u00e5 stolta skapare av <strong>Ume\u00e5 Smakpromenad<\/strong> och <strong>\u00d6vik Smakpromenad<\/strong> och har bl a f\u00e5tt \u00e4ran att vara ansvariga f\u00f6r mat och dryck under EU-toppm\u00f6tet i Ume\u00e5 2019 och eventbyr\u00e5 f\u00f6r Swedish Workshop 2018, ett arrangemang f\u00f6r turistbranschen initierat av Visit Sweden.<\/p>\n<p>Men vi g\u00f6r ocks\u00e5 en hel del mindre events f\u00f6r f\u00f6retag som vill tr\u00e4ffas i ett trevligt sammanhang och ha en smakupplevelse tillsammans. Vi hj\u00e4lper g\u00e4rna till att styra upp konferensen eller f\u00f6retagsfesten med god mat och dryck &#8211; i v\u00e5r egen, f\u00f6retagets eller n\u00e5gon annan lokal i n\u00e4romr\u00e5det. L\u00e4s mer h\u00e4r: <a href=\"https:\/\/forfoodies.se\/eget-event\/\">Eget event<\/a><\/p>\n<p><strong>H\u00e5llbarhet \u00e4r v\u00e4ldigt viktigt f\u00f6r oss<\/strong> och vi str\u00e4var efter att alla v\u00e5ra evenemang \u00e4r s\u00e5 h\u00e5llbara det bara g\u00e5r. F\u00f6r oss handlar det t ex om att nyttja lokala r\u00e5varor i st\u00f6rsta m\u00f6jliga m\u00e5n, att inspirera till att anv\u00e4nda r\u00e5varor i s\u00e4song, sprida god matkultur, \u00e5tervinna allt som g\u00e5r, t\u00e4nka efter f\u00f6re n\u00e4r det g\u00e4ller f\u00f6rbrukning av eng\u00e5ngsartiklar, erbjuda v\u00e5rt fina kranvatten ist\u00e4llet f\u00f6r k\u00f6pt vatten p\u00e5 flaska och att samarbeta med lokala f\u00f6retag som, f\u00f6rutom att tillhandah\u00e5lla b\u00e5de produkter och tj\u00e4nster, hj\u00e4lper oss att bli \u00e4nnu b\u00e4ttre. L\u00e4s g\u00e4rna p\u00e5 <a href=\"https:\/\/umeasmakfestival.se\/\">Ume\u00e5 Smakfestival<\/a> hur vi arbetar med h\u00e5llbarhet p\u00e5 en festival.<\/p>\n<p class=\"p1\">Vi jobbar enligt <strong>Responsible Tourism Program<\/strong>, ett arbetss\u00e4tt som tagits fram f\u00f6r att fr\u00e4mja en mer h\u00e5llbar bes\u00f6ksn\u00e4ring, d\u00e4r f\u00f6retag, destinationer och kommuner arbetar tillsammans f\u00f6r \u00f6kad milj\u00f6h\u00e4nsyn, resursbesparande l\u00f6sningar, och lokalsamh\u00e4llets utveckling. Programmet baseras p\u00e5 GSTC\u2019s globala standard f\u00f6r h\u00e5llbar turism.<\/p>\n<p class=\"p1\">\u00a0I programmet g\u00f6rs f\u00f6rb\u00e4ttringsarbeten som \u00e4r bra b\u00e5de f\u00f6r bes\u00f6kare och boende, skapar arbeten och livskraftiga verksamheter, och som sker p\u00e5 naturens och kulturens villkor, vilket \u00e4r positivt d\u00e5 allt fler bes\u00f6kare vill l\u00e4mna platsen de bes\u00f6kt i ett b\u00e4ttre skick \u00e4n de fann dem.<\/p>\n<p><strong>H\u00e4r p\u00e5 forfoodies.se<\/strong> kommer du att hitta smakpromenader, matlagningskurser, provningar och andra events med mat och dryck som du kan k\u00f6pa biljetter till. Ibland arrangerar vi sj\u00e4lva och ibland i samarbetar vi med andra. Har du en egen id\u00e9 som du tror passar hos oss och som du vill ha hj\u00e4lp att genomf\u00f6ra &#8211; eller s\u00e4lja biljetter till &#8211; h\u00f6r av dig till oss p\u00e5: <strong>info(at)forfoodies.se<\/strong><\/p>\n<p>Vi h\u00e5ller till p\u00e5 <strong>Snickeriet <\/strong>p\u00e5 \u00d6n i Ume\u00e5. H\u00e4r har vi v\u00e5rt kontor och lager och vi har \u00e4ven en fotostudio f\u00f6r t ex receptfotograferingar och en s\u00e4ndningsstudio f\u00f6r digitala m\u00f6ten och konferenser.<\/p>\n<p>[\/et_pb_text][\/et_pb_column][\/et_pb_row][\/et_pb_section]<\/p>\n","protected":false},"excerpt":{"rendered":"<p>forfoodies.se \u00e4r ett eventf\u00f6retag som skapar upplevelser och aktiviteter med mat och dryck i fokus Vi som st\u00e5r bakom forfoodies.se har v\u00e5r bakgrund inom event, reklam och marknadsf\u00f6ring och p\u00e5 senare \u00e5r mer och mer fokus p\u00e5 smakupplevelser &#8211; som ofta \u00e4r en viktig del i alla m\u00f6ten och evenemang. Ume\u00e5 Smakfestival har vi b\u00e5de [&hellip;]<\/p>\n","protected":false},"author":2,"featured_media":0,"parent":0,"menu_order":0,"comment_status":"closed","ping_status":"closed","template":"","meta":{"_acf_changed":false,"_et_pb_use_builder":"on","_et_pb_old_content":"","_et_gb_content_width":"","footnotes":""},"class_list":["post-1268","page","type-page","status-publish","hentry"],"acf":[],"yoast_head":"<!-- This site is optimized with the Yoast SEO plugin v27.5 - https:\/\/yoast.com\/product\/yoast-seo-wordpress\/ -->\n<title>Om oss - forfoodies.se<\/title>\n<meta name=\"robots\" content=\"index, follow, max-snippet:-1, max-image-preview:large, max-video-preview:-1\" \/>\n<link rel=\"canonical\" href=\"https:\/\/forfoodies.se\/en\/om-oss\/\" \/>\n<meta property=\"og:locale\" content=\"en_GB\" \/>\n<meta property=\"og:type\" content=\"article\" \/>\n<meta property=\"og:title\" content=\"Om oss - forfoodies.se\" \/>\n<meta property=\"og:description\" content=\"forfoodies.se \u00e4r ett eventf\u00f6retag som skapar upplevelser och aktiviteter med mat och dryck i fokus Vi som st\u00e5r bakom forfoodies.se har v\u00e5r bakgrund inom event, reklam och marknadsf\u00f6ring och p\u00e5 senare \u00e5r mer och mer fokus p\u00e5 smakupplevelser - som ofta \u00e4r en viktig del i alla m\u00f6ten och evenemang. Ume\u00e5 Smakfestival har vi b\u00e5de [&hellip;]\" \/>\n<meta property=\"og:url\" content=\"https:\/\/forfoodies.se\/en\/om-oss\/\" \/>\n<meta property=\"og:site_name\" content=\"forfoodies.se\" \/>\n<meta property=\"article:publisher\" content=\"https:\/\/www.facebook.com\/forfoodies.se\/\" \/>\n<meta property=\"article:modified_time\" content=\"2025-11-26T10:30:48+00:00\" \/>\n<meta property=\"og:image\" content=\"https:\/\/forfoodies.se\/wp-content\/uploads\/ForFoodies_green-1.png\" \/>\n\t<meta property=\"og:image:width\" content=\"800\" \/>\n\t<meta property=\"og:image:height\" content=\"758\" \/>\n\t<meta property=\"og:image:type\" content=\"image\/png\" \/>\n<meta name=\"twitter:card\" content=\"summary_large_image\" \/>\n<meta name=\"twitter:label1\" content=\"Estimated reading time\" \/>\n\t<meta name=\"twitter:data1\" content=\"3 minutes\" \/>\n<script type=\"application\/ld+json\" class=\"yoast-schema-graph\">{\"@context\":\"https:\\\/\\\/schema.org\",\"@graph\":[{\"@type\":\"WebPage\",\"@id\":\"https:\\\/\\\/forfoodies.se\\\/om-oss\\\/\",\"url\":\"https:\\\/\\\/forfoodies.se\\\/om-oss\\\/\",\"name\":\"Om oss - forfoodies.se\",\"isPartOf\":{\"@id\":\"https:\\\/\\\/forfoodies.se\\\/en\\\/#website\"},\"datePublished\":\"2020-09-25T10:41:35+00:00\",\"dateModified\":\"2025-11-26T10:30:48+00:00\",\"breadcrumb\":{\"@id\":\"https:\\\/\\\/forfoodies.se\\\/om-oss\\\/#breadcrumb\"},\"inLanguage\":\"en-GB\",\"potentialAction\":[{\"@type\":\"ReadAction\",\"target\":[\"https:\\\/\\\/forfoodies.se\\\/om-oss\\\/\"]}]},{\"@type\":\"BreadcrumbList\",\"@id\":\"https:\\\/\\\/forfoodies.se\\\/om-oss\\\/#breadcrumb\",\"itemListElement\":[{\"@type\":\"ListItem\",\"position\":1,\"name\":\"Hem\",\"item\":\"https:\\\/\\\/forfoodies.se\\\/\"},{\"@type\":\"ListItem\",\"position\":2,\"name\":\"Om oss\"}]},{\"@type\":\"WebSite\",\"@id\":\"https:\\\/\\\/forfoodies.se\\\/en\\\/#website\",\"url\":\"https:\\\/\\\/forfoodies.se\\\/en\\\/\",\"name\":\"forfoodies.se\",\"description\":\"\",\"publisher\":{\"@id\":\"https:\\\/\\\/forfoodies.se\\\/en\\\/#organization\"},\"potentialAction\":[{\"@type\":\"SearchAction\",\"target\":{\"@type\":\"EntryPoint\",\"urlTemplate\":\"https:\\\/\\\/forfoodies.se\\\/en\\\/?s={search_term_string}\"},\"query-input\":{\"@type\":\"PropertyValueSpecification\",\"valueRequired\":true,\"valueName\":\"search_term_string\"}}],\"inLanguage\":\"en-GB\"},{\"@type\":\"Organization\",\"@id\":\"https:\\\/\\\/forfoodies.se\\\/en\\\/#organization\",\"name\":\"Forfoodies.se\",\"url\":\"https:\\\/\\\/forfoodies.se\\\/en\\\/\",\"logo\":{\"@type\":\"ImageObject\",\"inLanguage\":\"en-GB\",\"@id\":\"https:\\\/\\\/forfoodies.se\\\/en\\\/#\\\/schema\\\/logo\\\/image\\\/\",\"url\":\"https:\\\/\\\/forfoodies.se\\\/wp-content\\\/uploads\\\/ForFoodies_green.png\",\"contentUrl\":\"https:\\\/\\\/forfoodies.se\\\/wp-content\\\/uploads\\\/ForFoodies_green.png\",\"width\":114,\"height\":108,\"caption\":\"Forfoodies.se\"},\"image\":{\"@id\":\"https:\\\/\\\/forfoodies.se\\\/en\\\/#\\\/schema\\\/logo\\\/image\\\/\"},\"sameAs\":[\"https:\\\/\\\/www.facebook.com\\\/forfoodies.se\\\/\",\"https:\\\/\\\/www.instagram.com\\\/forfoodies.se\\\/\"]}]}<\/script>\n<!-- \/ Yoast SEO plugin. -->","yoast_head_json":{"title":"Om oss - forfoodies.se","robots":{"index":"index","follow":"follow","max-snippet":"max-snippet:-1","max-image-preview":"max-image-preview:large","max-video-preview":"max-video-preview:-1"},"canonical":"https:\/\/forfoodies.se\/en\/om-oss\/","og_locale":"en_GB","og_type":"article","og_title":"Om oss - forfoodies.se","og_description":"forfoodies.se \u00e4r ett eventf\u00f6retag som skapar upplevelser och aktiviteter med mat och dryck i fokus Vi som st\u00e5r bakom forfoodies.se har v\u00e5r bakgrund inom event, reklam och marknadsf\u00f6ring och p\u00e5 senare \u00e5r mer och mer fokus p\u00e5 smakupplevelser - som ofta \u00e4r en viktig del i alla m\u00f6ten och evenemang. Ume\u00e5 Smakfestival har vi b\u00e5de [&hellip;]","og_url":"https:\/\/forfoodies.se\/en\/om-oss\/","og_site_name":"forfoodies.se","article_publisher":"https:\/\/www.facebook.com\/forfoodies.se\/","article_modified_time":"2025-11-26T10:30:48+00:00","og_image":[{"width":800,"height":758,"url":"https:\/\/forfoodies.se\/wp-content\/uploads\/ForFoodies_green-1.png","type":"image\/png"}],"twitter_card":"summary_large_image","twitter_misc":{"Estimated reading time":"3 minutes"},"schema":{"@context":"https:\/\/schema.org","@graph":[{"@type":"WebPage","@id":"https:\/\/forfoodies.se\/om-oss\/","url":"https:\/\/forfoodies.se\/om-oss\/","name":"Om oss - forfoodies.se","isPartOf":{"@id":"https:\/\/forfoodies.se\/en\/#website"},"datePublished":"2020-09-25T10:41:35+00:00","dateModified":"2025-11-26T10:30:48+00:00","breadcrumb":{"@id":"https:\/\/forfoodies.se\/om-oss\/#breadcrumb"},"inLanguage":"en-GB","potentialAction":[{"@type":"ReadAction","target":["https:\/\/forfoodies.se\/om-oss\/"]}]},{"@type":"BreadcrumbList","@id":"https:\/\/forfoodies.se\/om-oss\/#breadcrumb","itemListElement":[{"@type":"ListItem","position":1,"name":"Hem","item":"https:\/\/forfoodies.se\/"},{"@type":"ListItem","position":2,"name":"Om oss"}]},{"@type":"WebSite","@id":"https:\/\/forfoodies.se\/en\/#website","url":"https:\/\/forfoodies.se\/en\/","name":"forfoodies.se","description":"","publisher":{"@id":"https:\/\/forfoodies.se\/en\/#organization"},"potentialAction":[{"@type":"SearchAction","target":{"@type":"EntryPoint","urlTemplate":"https:\/\/forfoodies.se\/en\/?s={search_term_string}"},"query-input":{"@type":"PropertyValueSpecification","valueRequired":true,"valueName":"search_term_string"}}],"inLanguage":"en-GB"},{"@type":"Organization","@id":"https:\/\/forfoodies.se\/en\/#organization","name":"Forfoodies.se","url":"https:\/\/forfoodies.se\/en\/","logo":{"@type":"ImageObject","inLanguage":"en-GB","@id":"https:\/\/forfoodies.se\/en\/#\/schema\/logo\/image\/","url":"https:\/\/forfoodies.se\/wp-content\/uploads\/ForFoodies_green.png","contentUrl":"https:\/\/forfoodies.se\/wp-content\/uploads\/ForFoodies_green.png","width":114,"height":108,"caption":"Forfoodies.se"},"image":{"@id":"https:\/\/forfoodies.se\/en\/#\/schema\/logo\/image\/"},"sameAs":["https:\/\/www.facebook.com\/forfoodies.se\/","https:\/\/www.instagram.com\/forfoodies.se\/"]}]}},"_links":{"self":[{"href":"https:\/\/forfoodies.se\/en\/wp-json\/wp\/v2\/pages\/1268","targetHints":{"allow":["GET"]}}],"collection":[{"href":"https:\/\/forfoodies.se\/en\/wp-json\/wp\/v2\/pages"}],"about":[{"href":"https:\/\/forfoodies.se\/en\/wp-json\/wp\/v2\/types\/page"}],"author":[{"embeddable":true,"href":"https:\/\/forfoodies.se\/en\/wp-json\/wp\/v2\/users\/2"}],"replies":[{"embeddable":true,"href":"https:\/\/forfoodies.se\/en\/wp-json\/wp\/v2\/comments?post=1268"}],"version-history":[{"count":2,"href":"https:\/\/forfoodies.se\/en\/wp-json\/wp\/v2\/pages\/1268\/revisions"}],"predecessor-version":[{"id":27698,"href":"https:\/\/forfoodies.se\/en\/wp-json\/wp\/v2\/pages\/1268\/revisions\/27698"}],"wp:attachment":[{"href":"https:\/\/forfoodies.se\/en\/wp-json\/wp\/v2\/media?parent=1268"}],"curies":[{"name":"wp","href":"https:\/\/api.w.org\/{rel}","templated":true}]}}